{"id":2164,"date":"2026-02-27T11:54:13","date_gmt":"2026-02-27T10:54:13","guid":{"rendered":"https:\/\/celinechanteuse.com\/?page_id=2164"},"modified":"2026-02-28T12:29:51","modified_gmt":"2026-02-28T11:29:51","slug":"le-lieu-et-nos-espaces","status":"publish","type":"page","link":"https:\/\/celinechanteuse.com\/index.php\/le-lieu-et-nos-espaces\/","title":{"rendered":"Le lieu et nos espaces"},"content":{"rendered":"\t\t<div data-elementor-type=\"wp-page\" data-elementor-id=\"2164\" class=\"elementor elementor-2164\" data-elementor-settings=\"[]\">\n\t\t\t\t\t\t\t<div class=\"elementor-section-wrap\">\n\t\t\t\t\t\t\t<section class=\"elementor-section elementor-top-section elementor-element elementor-element-7205189a elementor-section-height-min-height elementor-section-boxed elementor-section-height-default elementor-section-items-middle\" data-id=\"7205189a\" data-element_type=\"section\" data-settings=\"{&quot;background_background&quot;:&quot;classic&quot;}\">\n\t\t\t\t\t\t\t<div class=\"elementor-background-overlay\"><\/div>\n\t\t\t\t\t\t\t<div class=\"elementor-container elementor-column-gap-no\">\n\t\t\t\t\t<div class=\"elementor-column elementor-col-100 elementor-top-column elementor-element elementor-element-1472a52c\" data-id=\"1472a52c\" data-element_type=\"column\" data-settings=\"{&quot;background_background&quot;:&quot;classic&quot;}\">\n\t\t\t<div class=\"elementor-widget-wrap elementor-element-populated\">\n\t\t\t\t\t\t\t\t<div class=\"elementor-element elementor-element-13b2e990 elementor-widget elementor-widget-heading\" data-id=\"13b2e990\" data-element_type=\"widget\" data-widget_type=\"heading.default\">\n\t\t\t\t<div class=\"elementor-widget-container\">\n\t\t\t<h4 class=\"elementor-heading-title elementor-size-default\">- \u00e9colieu -<\/h4>\t\t<\/div>\n\t\t\t\t<\/div>\n\t\t\t\t<div class=\"elementor-element elementor-element-7be60327 elementor-widget__width-auto elementor-widget elementor-widget-heading\" data-id=\"7be60327\" data-element_type=\"widget\" data-widget_type=\"heading.default\">\n\t\t\t\t<div class=\"elementor-widget-container\">\n\t\t\t<h1 class=\"elementor-heading-title elementor-size-default\"> Le lieu et nos espaces<\/h1>\t\t<\/div>\n\t\t\t\t<\/div>\n\t\t\t\t<section class=\"elementor-section elementor-inner-section elementor-element elementor-element-2d73d6ac elementor-section-boxed elementor-section-height-default elementor-section-height-default\" data-id=\"2d73d6ac\" data-element_type=\"section\">\n\t\t\t\t\t\t<div class=\"elementor-container elementor-column-gap-default\">\n\t\t\t\t\t<div class=\"elementor-column elementor-col-100 elementor-inner-column elementor-element elementor-element-2e3e4477\" data-id=\"2e3e4477\" data-element_type=\"column\">\n\t\t\t<div class=\"elementor-widget-wrap elementor-element-populated\">\n\t\t\t\t\t\t\t\t<div class=\"elementor-element elementor-element-44fe80b5 elementor-widget__width-auto elementor-widget elementor-widget-heading\" data-id=\"44fe80b5\" data-element_type=\"widget\" data-widget_type=\"heading.default\">\n\t\t\t\t<div class=\"elementor-widget-container\">\n\t\t\t<h4 class=\"elementor-heading-title elementor-size-default\">Habitat participatif<\/h4>\t\t<\/div>\n\t\t\t\t<\/div>\n\t\t\t\t<div class=\"elementor-element elementor-element-1fbf1144 elementor-widget__width-auto elementor-widget elementor-widget-heading\" data-id=\"1fbf1144\" data-element_type=\"widget\" data-widget_type=\"heading.default\">\n\t\t\t\t<div class=\"elementor-widget-container\">\n\t\t\t<h4 class=\"elementor-heading-title elementor-size-default\">Ressourcement holistique<\/h4>\t\t<\/div>\n\t\t\t\t<\/div>\n\t\t\t\t\t<\/div>\n\t\t<\/div>\n\t\t\t\t\t\t\t<\/div>\n\t\t<\/section>\n\t\t\t\t\t<\/div>\n\t\t<\/div>\n\t\t\t\t\t\t\t<\/div>\n\t\t<\/section>\n\t\t\t\t<section class=\"elementor-section elementor-top-section elementor-element elementor-element-6fe6a09e elementor-section-content-middle elementor-reverse-mobile elementor-section-boxed elementor-section-height-default elementor-section-height-default\" data-id=\"6fe6a09e\" data-element_type=\"section\" data-settings=\"{&quot;background_background&quot;:&quot;classic&quot;}\">\n\t\t\t\t\t\t\t<div class=\"elementor-background-overlay\"><\/div>\n\t\t\t\t\t\t\t<div class=\"elementor-container elementor-column-gap-default\">\n\t\t\t\t\t<div class=\"elementor-column elementor-col-100 elementor-top-column elementor-element elementor-element-3e3cea38\" data-id=\"3e3cea38\" data-element_type=\"column\">\n\t\t\t<div class=\"elementor-widget-wrap elementor-element-populated\">\n\t\t\t\t\t\t\t\t<div class=\"elementor-element elementor-element-1b0f8804 elementor-widget elementor-widget-heading\" data-id=\"1b0f8804\" data-element_type=\"widget\" data-widget_type=\"heading.default\">\n\t\t\t\t<div class=\"elementor-widget-container\">\n\t\t\t<h4 class=\"elementor-heading-title elementor-size-default\">-Vision du projet-<\/h4>\t\t<\/div>\n\t\t\t\t<\/div>\n\t\t\t\t<div class=\"elementor-element elementor-element-601d724 elementor-widget__width-auto elementor-widget elementor-widget-heading\" data-id=\"601d724\" data-element_type=\"widget\" data-widget_type=\"heading.default\">\n\t\t\t\t<div class=\"elementor-widget-container\">\n\t\t\t<h2 class=\"elementor-heading-title elementor-size-default\">un b\u00e2ti<\/h2>\t\t<\/div>\n\t\t\t\t<\/div>\n\t\t\t\t<div class=\"elementor-element elementor-element-240e567c elementor-widget__width-auto elementor-widget elementor-widget-heading\" data-id=\"240e567c\" data-element_type=\"widget\" data-widget_type=\"heading.default\">\n\t\t\t\t<div class=\"elementor-widget-container\">\n\t\t\t<h2 class=\"elementor-heading-title elementor-size-default\">charg\u00e9 d'histoire<\/h2>\t\t<\/div>\n\t\t\t\t<\/div>\n\t\t\t\t<div class=\"elementor-element elementor-element-43f7cb70 elementor-widget elementor-widget-heading\" data-id=\"43f7cb70\" data-element_type=\"widget\" data-widget_type=\"heading.default\">\n\t\t\t\t<div class=\"elementor-widget-container\">\n\t\t\t<h4 class=\"elementor-heading-title elementor-size-default\">autonomie<\/h4>\t\t<\/div>\n\t\t\t\t<\/div>\n\t\t\t\t<div class=\"elementor-element elementor-element-4492fe00 elementor-widget elementor-widget-text-editor\" data-id=\"4492fe00\" data-element_type=\"widget\" data-widget_type=\"text-editor.default\">\n\t\t\t\t<div class=\"elementor-widget-container\">\n\t\t\t\t\t\t\t<p>Le Domaine des Servins s\u2019\u00e9tend sur 10 hectares, dont 5 attenants \u00e0 la maison. Cette ancienne b\u00e2tisse agricole, dont les fondations remontent aux ann\u00e9es [Ann\u00e9e], a \u00e9t\u00e9 transform\u00e9e en habitation vers [Ann\u00e9e]. Avec ses 330 m\u00b2, elle offre un agencement et une ambiance pittoresques, t\u00e9moins de son pass\u00e9 et de sa mue vers un lieu de vie collectif.<\/p>\t\t\t\t\t\t<\/div>\n\t\t\t\t<\/div>\n\t\t\t\t\t<\/div>\n\t\t<\/div>\n\t\t\t\t\t\t\t<\/div>\n\t\t<\/section>\n\t\t\t\t<section class=\"elementor-section elementor-top-section elementor-element elementor-element-bc51f52 elementor-section-content-middle elementor-section-boxed elementor-section-height-default elementor-section-height-default\" data-id=\"bc51f52\" data-element_type=\"section\" data-settings=\"{&quot;background_background&quot;:&quot;classic&quot;}\">\n\t\t\t\t\t\t<div class=\"elementor-container elementor-column-gap-no\">\n\t\t\t\t\t<div class=\"elementor-column elementor-col-100 elementor-top-column elementor-element elementor-element-7c7983a4\" data-id=\"7c7983a4\" data-element_type=\"column\">\n\t\t\t<div class=\"elementor-widget-wrap elementor-element-populated\">\n\t\t\t\t\t\t\t\t<section class=\"elementor-section elementor-inner-section elementor-element elementor-element-12d4a94b elementor-section-content-middle elementor-section-boxed elementor-section-height-default elementor-section-height-default\" data-id=\"12d4a94b\" data-element_type=\"section\">\n\t\t\t\t\t\t<div class=\"elementor-container elementor-column-gap-no\">\n\t\t\t\t\t<div class=\"elementor-column elementor-col-33 elementor-inner-column elementor-element elementor-element-aba3362\" data-id=\"aba3362\" data-element_type=\"column\">\n\t\t\t<div class=\"elementor-widget-wrap elementor-element-populated\">\n\t\t\t\t\t\t\t\t<div class=\"elementor-element elementor-element-48495aa5 elementor-widget elementor-widget-image\" data-id=\"48495aa5\" data-element_type=\"widget\" data-widget_type=\"image.default\">\n\t\t\t\t<div class=\"elementor-widget-container\">\n\t\t\t\t\t\t\t\t\t\t\t\t\t\t\t<img decoding=\"async\" src=\"https:\/\/celinechanteuse.com\/wp-content\/uploads\/elementor\/thumbs\/Entree-des-Servins-scaled-rih6zkmhss7di5807tw8se2da1pcssfqdkif3f0g6w.jpg\" title=\"#Entr\u00e9e des Servins\" alt=\"#Entr\u00e9e des Servins\" \/>\t\t\t\t\t\t\t\t\t\t\t\t\t\t\t<\/div>\n\t\t\t\t<\/div>\n\t\t\t\t\t<\/div>\n\t\t<\/div>\n\t\t\t\t<div class=\"elementor-column elementor-col-33 elementor-inner-column elementor-element elementor-element-1a2c3124\" data-id=\"1a2c3124\" data-element_type=\"column\">\n\t\t\t<div class=\"elementor-widget-wrap elementor-element-populated\">\n\t\t\t\t\t\t\t\t<div class=\"elementor-element elementor-element-7a8c1f67 elementor-widget elementor-widget-heading\" data-id=\"7a8c1f67\" data-element_type=\"widget\" data-widget_type=\"heading.default\">\n\t\t\t\t<div class=\"elementor-widget-container\">\n\t\t\t<h6 class=\"elementor-heading-title elementor-size-default\">ESPACE COLLECTIF<\/h6>\t\t<\/div>\n\t\t\t\t<\/div>\n\t\t\t\t<div class=\"elementor-element elementor-element-3ffed8b elementor-widget elementor-widget-heading\" data-id=\"3ffed8b\" data-element_type=\"widget\" data-widget_type=\"heading.default\">\n\t\t\t\t<div class=\"elementor-widget-container\">\n\t\t\t<h6 class=\"elementor-heading-title elementor-size-default\">Le coeur battant<\/h6>\t\t<\/div>\n\t\t\t\t<\/div>\n\t\t\t\t<div class=\"elementor-element elementor-element-78484b07 elementor-widget elementor-widget-text-editor\" data-id=\"78484b07\" data-element_type=\"widget\" data-widget_type=\"text-editor.default\">\n\t\t\t\t<div class=\"elementor-widget-container\">\n\t\t\t\t\t\t\t<div dir=\"auto\">La terrasse, ombrag\u00e9e par sa treille, s&rsquo;anime au rythme du murmure de la fontaine aliment\u00e9e par notre source naturelle, v\u00e9ritable symbole de r\u00e9g\u00e9n\u00e9ration, offrant un cadre enchanteur pour les repas partag\u00e9s et la sobri\u00e9t\u00e9 heureuse. Cet espace comprend \u00e9galement une cuisine, un salon et une salle de bain\/WC.<\/div>\t\t\t\t\t\t<\/div>\n\t\t\t\t<\/div>\n\t\t\t\t\t<\/div>\n\t\t<\/div>\n\t\t\t\t<div class=\"elementor-column elementor-col-33 elementor-inner-column elementor-element elementor-element-39154c33\" data-id=\"39154c33\" data-element_type=\"column\">\n\t\t\t<div class=\"elementor-widget-wrap elementor-element-populated\">\n\t\t\t\t\t\t\t\t<div class=\"elementor-element elementor-element-55482f3 elementor-widget elementor-widget-image\" data-id=\"55482f3\" data-element_type=\"widget\" data-widget_type=\"image.default\">\n\t\t\t\t<div class=\"elementor-widget-container\">\n\t\t\t\t\t\t\t\t\t\t\t\t\t\t\t<img decoding=\"async\" src=\"https:\/\/celinechanteuse.com\/wp-content\/uploads\/elementor\/thumbs\/Entree-Petit-Servins-rih6zoduk4cisl2jlvir2d47nl6tnkunq34d0iuvi0.jpg\" title=\"#Entr\u00e9e Petit Servins\" alt=\"#Entr\u00e9e Petit Servins\" \/>\t\t\t\t\t\t\t\t\t\t\t\t\t\t\t<\/div>\n\t\t\t\t<\/div>\n\t\t\t\t\t<\/div>\n\t\t<\/div>\n\t\t\t\t\t\t\t<\/div>\n\t\t<\/section>\n\t\t\t\t<section class=\"elementor-section elementor-inner-section elementor-element elementor-element-51af6493 elementor-section-content-middle elementor-section-boxed elementor-section-height-default elementor-section-height-default\" data-id=\"51af6493\" data-element_type=\"section\">\n\t\t\t\t\t\t<div class=\"elementor-container elementor-column-gap-no\">\n\t\t\t\t\t<div class=\"elementor-column elementor-col-33 elementor-inner-column elementor-element elementor-element-4413c070\" data-id=\"4413c070\" data-element_type=\"column\">\n\t\t\t<div class=\"elementor-widget-wrap elementor-element-populated\">\n\t\t\t\t\t\t\t\t<div class=\"elementor-element elementor-element-3f9666a1 elementor-widget elementor-widget-heading\" data-id=\"3f9666a1\" data-element_type=\"widget\" data-widget_type=\"heading.default\">\n\t\t\t\t<div class=\"elementor-widget-container\">\n\t\t\t<h6 class=\"elementor-heading-title elementor-size-default\">LE GITE<\/h6>\t\t<\/div>\n\t\t\t\t<\/div>\n\t\t\t\t<div class=\"elementor-element elementor-element-b2e9f76 elementor-widget elementor-widget-heading\" data-id=\"b2e9f76\" data-element_type=\"widget\" data-widget_type=\"heading.default\">\n\t\t\t\t<div class=\"elementor-widget-container\">\n\t\t\t<h6 class=\"elementor-heading-title elementor-size-default\">L'esprit de partage<\/h6>\t\t<\/div>\n\t\t\t\t<\/div>\n\t\t\t\t<div class=\"elementor-element elementor-element-709b9a3d elementor-widget elementor-widget-text-editor\" data-id=\"709b9a3d\" data-element_type=\"widget\" data-widget_type=\"text-editor.default\">\n\t\t\t\t<div class=\"elementor-widget-container\">\n\t\t\t\t\t\t\t<div dir=\"auto\">Avec son entr\u00e9e ind\u00e9pendante \u00e0 l&rsquo;arri\u00e8re de la maison, le g\u00eete est con\u00e7u pour l&rsquo;accueil de groupes (jusqu&rsquo;\u00e0 15-16 personnes). Il propose une grande cuisine, un vaste salon avec mezzanine, deux chambres spacieuses \u00e9galement avec mezzanine, et tout le confort n\u00e9cessaire aux stagiaires et voyageurs.<\/div>\t\t\t\t\t\t<\/div>\n\t\t\t\t<\/div>\n\t\t\t\t\t<\/div>\n\t\t<\/div>\n\t\t\t\t<div class=\"elementor-column elementor-col-33 elementor-inner-column elementor-element elementor-element-7955093e\" data-id=\"7955093e\" data-element_type=\"column\">\n\t\t\t<div class=\"elementor-widget-wrap elementor-element-populated\">\n\t\t\t\t\t\t\t\t<div class=\"elementor-element elementor-element-c493008 elementor-widget elementor-widget-image\" data-id=\"c493008\" data-element_type=\"widget\" data-widget_type=\"image.default\">\n\t\t\t\t<div class=\"elementor-widget-container\">\n\t\t\t\t\t\t\t\t\t\t\t\t\t\t\t<img decoding=\"async\" src=\"https:\/\/celinechanteuse.com\/wp-content\/uploads\/elementor\/thumbs\/Entree-arriere-gite-scaled-rih6ze1o6c8kuumse841thxu18o6n4fymaoaiatcs8.jpg\" title=\"#Entr\u00e9e arri\u00e8re g\u00eete\" alt=\"#Entr\u00e9e arri\u00e8re g\u00eete\" \/>\t\t\t\t\t\t\t\t\t\t\t\t\t\t\t<\/div>\n\t\t\t\t<\/div>\n\t\t\t\t\t<\/div>\n\t\t<\/div>\n\t\t\t\t<div class=\"elementor-column elementor-col-33 elementor-inner-column elementor-element elementor-element-166f23b\" data-id=\"166f23b\" data-element_type=\"column\">\n\t\t\t<div class=\"elementor-widget-wrap elementor-element-populated\">\n\t\t\t\t\t\t\t\t<div class=\"elementor-element elementor-element-129a9b20 elementor-widget elementor-widget-heading\" data-id=\"129a9b20\" data-element_type=\"widget\" data-widget_type=\"heading.default\">\n\t\t\t\t<div class=\"elementor-widget-container\">\n\t\t\t<h6 class=\"elementor-heading-title elementor-size-default\">LE PETIT SERVINS<\/h6>\t\t<\/div>\n\t\t\t\t<\/div>\n\t\t\t\t<div class=\"elementor-element elementor-element-d8a73b5 elementor-widget elementor-widget-heading\" data-id=\"d8a73b5\" data-element_type=\"widget\" data-widget_type=\"heading.default\">\n\t\t\t\t<div class=\"elementor-widget-container\">\n\t\t\t<h6 class=\"elementor-heading-title elementor-size-default\">Intimit\u00e9 et Autonomie<\/h6>\t\t<\/div>\n\t\t\t\t<\/div>\n\t\t\t\t<div class=\"elementor-element elementor-element-3ddfa488 elementor-widget elementor-widget-text-editor\" data-id=\"3ddfa488\" data-element_type=\"widget\" data-widget_type=\"text-editor.default\">\n\t\t\t\t<div class=\"elementor-widget-container\">\n\t\t\t\t\t\t\t<div dir=\"auto\">Situ\u00e9 \u00e0 l&rsquo;extr\u00e9mit\u00e9 sud de la maison, ce logement autonome dispose de son propre espace ext\u00e9rieur ombrag\u00e9. Il comprend une pi\u00e8ce \u00e0 vivre lumineuse avec cuisine et s\u00e9jour, une chambre et une salle de bain\/WC privative.<\/div>\t\t\t\t\t\t<\/div>\n\t\t\t\t<\/div>\n\t\t\t\t\t<\/div>\n\t\t<\/div>\n\t\t\t\t\t\t\t<\/div>\n\t\t<\/section>\n\t\t\t\t\t<\/div>\n\t\t<\/div>\n\t\t\t\t\t\t\t<\/div>\n\t\t<\/section>\n\t\t\t\t<section class=\"elementor-section elementor-top-section elementor-element elementor-element-26b80db7 elementor-section-content-middle envato-kit-141 elementor-section-boxed elementor-section-height-default elementor-section-height-default\" data-id=\"26b80db7\" data-element_type=\"section\" data-settings=\"{&quot;background_background&quot;:&quot;classic&quot;}\">\n\t\t\t\t\t\t\t<div class=\"elementor-background-overlay\"><\/div>\n\t\t\t\t\t\t\t<div class=\"elementor-container elementor-column-gap-wide\">\n\t\t\t\t\t<div class=\"elementor-column elementor-col-100 elementor-top-column elementor-element elementor-element-1b5f00c1\" data-id=\"1b5f00c1\" data-element_type=\"column\">\n\t\t\t<div class=\"elementor-widget-wrap elementor-element-populated\">\n\t\t\t\t\t\t\t\t<div class=\"elementor-element elementor-element-46116eca elementor-arrows-position-inside elementor-pagination-position-outside elementor-widget elementor-widget-image-carousel\" data-id=\"46116eca\" data-element_type=\"widget\" data-settings=\"{&quot;slides_to_show&quot;:&quot;3&quot;,&quot;slides_to_scroll&quot;:&quot;1&quot;,&quot;image_spacing_custom&quot;:{&quot;unit&quot;:&quot;px&quot;,&quot;size&quot;:40,&quot;sizes&quot;:[]},&quot;navigation&quot;:&quot;both&quot;,&quot;autoplay&quot;:&quot;yes&quot;,&quot;pause_on_hover&quot;:&quot;yes&quot;,&quot;pause_on_interaction&quot;:&quot;yes&quot;,&quot;autoplay_speed&quot;:5000,&quot;infinite&quot;:&quot;yes&quot;,&quot;speed&quot;:500}\" data-widget_type=\"image-carousel.default\">\n\t\t\t\t<div class=\"elementor-widget-container\">\n\t\t\t\t\t<div class=\"elementor-image-carousel-wrapper swiper-container\" dir=\"ltr\">\n\t\t\t<div class=\"elementor-image-carousel swiper-wrapper\">\n\t\t\t\t\t\t\t\t<div class=\"swiper-slide\"><a data-elementor-open-lightbox=\"yes\" data-elementor-lightbox-slideshow=\"46116eca\" data-elementor-lightbox-title=\"#Servins-Terrasse collective\" href=\"https:\/\/celinechanteuse.com\/wp-content\/uploads\/2026\/02\/Servins-Terrasse-collective.jpg\"><figure class=\"swiper-slide-inner\"><img decoding=\"async\" class=\"swiper-slide-image\" src=\"https:\/\/celinechanteuse.com\/wp-content\/uploads\/2026\/02\/Servins-Terrasse-collective.jpg\" alt=\"#Servins-Terrasse collective\" \/><\/figure><\/a><\/div><div class=\"swiper-slide\"><a data-elementor-open-lightbox=\"yes\" data-elementor-lightbox-slideshow=\"46116eca\" data-elementor-lightbox-title=\"#Entr\u00e9e collective Servins\" href=\"https:\/\/celinechanteuse.com\/wp-content\/uploads\/2026\/02\/Entree-collective-Servins-scaled.jpg\"><figure class=\"swiper-slide-inner\"><img decoding=\"async\" class=\"swiper-slide-image\" src=\"https:\/\/celinechanteuse.com\/wp-content\/uploads\/2026\/02\/Entree-collective-Servins-1024x768.jpg\" alt=\"#Entr\u00e9e collective Servins\" \/><\/figure><\/a><\/div><div class=\"swiper-slide\"><a data-elementor-open-lightbox=\"yes\" data-elementor-lightbox-slideshow=\"46116eca\" data-elementor-lightbox-title=\"#Entr\u00e9e collective Servins 2\" href=\"https:\/\/celinechanteuse.com\/wp-content\/uploads\/2026\/02\/Entree-collective-Servins-2-scaled.jpg\"><figure class=\"swiper-slide-inner\"><img decoding=\"async\" class=\"swiper-slide-image\" src=\"https:\/\/celinechanteuse.com\/wp-content\/uploads\/2026\/02\/Entree-collective-Servins-2-768x1024.jpg\" alt=\"#Entr\u00e9e collective Servins 2\" \/><\/figure><\/a><\/div><div class=\"swiper-slide\"><a data-elementor-open-lightbox=\"yes\" data-elementor-lightbox-slideshow=\"46116eca\" data-elementor-lightbox-title=\"#Fontaine collective Servins\" href=\"https:\/\/celinechanteuse.com\/wp-content\/uploads\/2026\/02\/Fontaine-collective-Servins-scaled.jpg\"><figure class=\"swiper-slide-inner\"><img decoding=\"async\" class=\"swiper-slide-image\" src=\"https:\/\/celinechanteuse.com\/wp-content\/uploads\/2026\/02\/Fontaine-collective-Servins-1024x748.jpg\" alt=\"#Fontaine collective Servins\" \/><\/figure><\/a><\/div><div class=\"swiper-slide\"><a data-elementor-open-lightbox=\"yes\" data-elementor-lightbox-slideshow=\"46116eca\" data-elementor-lightbox-title=\"#Jardin Petit Servins\" href=\"https:\/\/celinechanteuse.com\/wp-content\/uploads\/2026\/01\/Jardin-Petit-Servins.jpg\"><figure class=\"swiper-slide-inner\"><img decoding=\"async\" class=\"swiper-slide-image\" src=\"https:\/\/celinechanteuse.com\/wp-content\/uploads\/2026\/01\/Jardin-Petit-Servins-1024x768.jpg\" alt=\"#Jardin Petit Servins\" \/><\/figure><\/a><\/div><div class=\"swiper-slide\"><a data-elementor-open-lightbox=\"yes\" data-elementor-lightbox-slideshow=\"46116eca\" data-elementor-lightbox-title=\"#Jardin Petit Servins 2\" href=\"https:\/\/celinechanteuse.com\/wp-content\/uploads\/2026\/01\/Jardin-Petit-Servins-2.jpg\"><figure class=\"swiper-slide-inner\"><img decoding=\"async\" class=\"swiper-slide-image\" src=\"https:\/\/celinechanteuse.com\/wp-content\/uploads\/2026\/01\/Jardin-Petit-Servins-2-1024x728.jpg\" alt=\"#Jardin Petit Servins 2\" \/><\/figure><\/a><\/div><div class=\"swiper-slide\"><a data-elementor-open-lightbox=\"yes\" data-elementor-lightbox-slideshow=\"46116eca\" data-elementor-lightbox-title=\"#Pi\u00e8ce \u00e0 vivre Petit Servins\" href=\"https:\/\/celinechanteuse.com\/wp-content\/uploads\/2026\/01\/Piece-a-vivre-Petit-Servins-scaled.jpg\"><figure class=\"swiper-slide-inner\"><img decoding=\"async\" class=\"swiper-slide-image\" src=\"https:\/\/celinechanteuse.com\/wp-content\/uploads\/2026\/01\/Piece-a-vivre-Petit-Servins-1024x793.jpg\" alt=\"#Pi\u00e8ce \u00e0 vivre Petit Servins\" \/><\/figure><\/a><\/div><div class=\"swiper-slide\"><a data-elementor-open-lightbox=\"yes\" data-elementor-lightbox-slideshow=\"46116eca\" data-elementor-lightbox-title=\"#Entr\u00e9 g\u00eete 2\" href=\"https:\/\/celinechanteuse.com\/wp-content\/uploads\/2026\/01\/Entre-gite-2-scaled.jpg\"><figure class=\"swiper-slide-inner\"><img decoding=\"async\" class=\"swiper-slide-image\" src=\"https:\/\/celinechanteuse.com\/wp-content\/uploads\/2026\/01\/Entre-gite-2-1024x768.jpg\" alt=\"#Entr\u00e9 g\u00eete 2\" \/><\/figure><\/a><\/div>\t\t\t<\/div>\n\t\t\t\t\t\t\t\t\t\t\t\t<div class=\"swiper-pagination\"><\/div>\n\t\t\t\t\t\t\t\t\t\t\t\t\t<div class=\"elementor-swiper-button elementor-swiper-button-prev\">\n\t\t\t\t\t\t<i class=\"eicon-chevron-left\" aria-hidden=\"true\"><\/i>\n\t\t\t\t\t\t<span class=\"elementor-screen-only\">Pr\u00e9c\u00e9dent<\/span>\n\t\t\t\t\t<\/div>\n\t\t\t\t\t<div class=\"elementor-swiper-button elementor-swiper-button-next\">\n\t\t\t\t\t\t<i class=\"eicon-chevron-right\" aria-hidden=\"true\"><\/i>\n\t\t\t\t\t\t<span class=\"elementor-screen-only\">Suivant<\/span>\n\t\t\t\t\t<\/div>\n\t\t\t\t\t\t\t\t\t<\/div>\n\t\t\t\t<\/div>\n\t\t\t\t<\/div>\n\t\t\t\t\t<\/div>\n\t\t<\/div>\n\t\t\t\t\t\t\t<\/div>\n\t\t<\/section>\n\t\t\t\t\t\t<\/div>\n\t\t\t\t\t<\/div>\n\t\t","protected":false},"excerpt":{"rendered":"<p>&#8211; \u00e9colieu &#8211; Le lieu et nos espaces Habitat participatif Ressourcement holistique -Vision du projet- un b\u00e2ti charg\u00e9 d&rsquo;histoire autonomie Le Domaine des Servins s\u2019\u00e9tend sur 10 hectares, dont 5 attenants \u00e0 la maison. Cette ancienne b\u00e2tisse agricole, dont les fondations remontent aux ann\u00e9es [Ann\u00e9e], a \u00e9t\u00e9 transform\u00e9e en habitation vers [Ann\u00e9e]. Avec ses 330 &hellip;<\/p>\n<p class=\"read-more\"> <a class=\"\" href=\"https:\/\/celinechanteuse.com\/index.php\/le-lieu-et-nos-espaces\/\"> <span class=\"screen-reader-text\">Le lieu et nos espaces<\/span> Lire la suite\u00a0\u00bb<\/a><\/p>\n","protected":false},"author":1,"featured_media":0,"parent":0,"menu_order":0,"comment_status":"closed","ping_status":"closed","template":"","meta":{"footnotes":""},"class_list":["post-2164","page","type-page","status-publish","hentry"],"_links":{"self":[{"href":"https:\/\/celinechanteuse.com\/index.php\/wp-json\/wp\/v2\/pages\/2164","targetHints":{"allow":["GET"]}}],"collection":[{"href":"https:\/\/celinechanteuse.com\/index.php\/wp-json\/wp\/v2\/pages"}],"about":[{"href":"https:\/\/celinechanteuse.com\/index.php\/wp-json\/wp\/v2\/types\/page"}],"author":[{"embeddable":true,"href":"https:\/\/celinechanteuse.com\/index.php\/wp-json\/wp\/v2\/users\/1"}],"replies":[{"embeddable":true,"href":"https:\/\/celinechanteuse.com\/index.php\/wp-json\/wp\/v2\/comments?post=2164"}],"version-history":[{"count":32,"href":"https:\/\/celinechanteuse.com\/index.php\/wp-json\/wp\/v2\/pages\/2164\/revisions"}],"predecessor-version":[{"id":2372,"href":"https:\/\/celinechanteuse.com\/index.php\/wp-json\/wp\/v2\/pages\/2164\/revisions\/2372"}],"wp:attachment":[{"href":"https:\/\/celinechanteuse.com\/index.php\/wp-json\/wp\/v2\/media?parent=2164"}],"curies":[{"name":"wp","href":"https:\/\/api.w.org\/{rel}","templated":true}]}}